{"id":13,"date":"2014-06-29T00:00:50","date_gmt":"2014-06-28T22:00:50","guid":{"rendered":"http:\/\/test.michael-thele.de\/?page_id=13"},"modified":"2018-12-02T14:48:12","modified_gmt":"2018-12-02T13:48:12","slug":"aktuell","status":"publish","type":"page","link":"https:\/\/www.michael-thele.de\/en\/aktuell\/","title":{"rendered":"Gallery"},"content":{"rendered":"<p><\/p>\n<h2><a href=\"http:\/\/www.michael-thele.de\/wp-content\/uploads\/2014\/06\/M.Thele12.jpg\"><img decoding=\"async\" loading=\"lazy\" class=\"alignleft size-medium wp-image-114\" src=\"http:\/\/www.michael-thele.de\/wp-content\/uploads\/2014\/06\/M.Thele12-300x213.jpg\" alt=\"M.Thele12\" width=\"300\" height=\"213\" srcset=\"https:\/\/www.michael-thele.de\/wp-content\/uploads\/2014\/06\/M.Thele12-300x213.jpg 300w, https:\/\/www.michael-thele.de\/wp-content\/uploads\/2014\/06\/M.Thele12-1024x729.jpg 1024w, https:\/\/www.michael-thele.de\/wp-content\/uploads\/2014\/06\/M.Thele12-624x444.jpg 624w, https:\/\/www.michael-thele.de\/wp-content\/uploads\/2014\/06\/M.Thele12.jpg 1613w\" sizes=\"(max-width: 300px) 100vw, 300px\" \/><\/a><\/h2>\n<h3>with Paulino Bernab\u00e9<\/h3>\n<h5>in his workshop, Madrid<\/h5>\n<p>&nbsp;<\/p>\n<h2><a href=\"http:\/\/www.michael-thele.de\/wp-content\/uploads\/2014\/06\/M.Thele_.10.jpg\"><img decoding=\"async\" loading=\"lazy\" class=\"alignleft size-medium wp-image-116\" src=\"http:\/\/www.michael-thele.de\/wp-content\/uploads\/2014\/06\/M.Thele_.10-300x173.jpg\" alt=\"M.Thele.10\" width=\"300\" height=\"173\" srcset=\"https:\/\/www.michael-thele.de\/wp-content\/uploads\/2014\/06\/M.Thele_.10-300x173.jpg 300w, https:\/\/www.michael-thele.de\/wp-content\/uploads\/2014\/06\/M.Thele_.10-624x361.jpg 624w, https:\/\/www.michael-thele.de\/wp-content\/uploads\/2014\/06\/M.Thele_.10.jpg 897w\" sizes=\"(max-width: 300px) 100vw, 300px\" \/><\/a><\/h2>\n<p>&nbsp;<\/p>\n<p>&nbsp;<\/p>\n<p>&nbsp;<\/p>\n<h3>Musik trade fair Frankfurt<\/h3>\n<h5>with  P. Bernab\u00e9, H. K\u00e4ppel, Ch. K\u00f6hler<\/h5>\n<p>&nbsp;<\/p>\n<p><a href=\"http:\/\/www.michael-thele.de\/wp-content\/uploads\/2014\/06\/Paulino_Bernabe_Gitarren_Konzert.jpg\"><img decoding=\"async\" loading=\"lazy\" class=\"alignleft size-medium wp-image-121\" src=\"http:\/\/www.michael-thele.de\/wp-content\/uploads\/2014\/06\/Paulino_Bernabe_Gitarren_Konzert-224x300.jpg\" alt=\"Paulino_Bernabe_Gitarren_Konzert\" width=\"224\" height=\"300\" srcset=\"https:\/\/www.michael-thele.de\/wp-content\/uploads\/2014\/06\/Paulino_Bernabe_Gitarren_Konzert-224x300.jpg 224w, https:\/\/www.michael-thele.de\/wp-content\/uploads\/2014\/06\/Paulino_Bernabe_Gitarren_Konzert-767x1024.jpg 767w, https:\/\/www.michael-thele.de\/wp-content\/uploads\/2014\/06\/Paulino_Bernabe_Gitarren_Konzert-624x832.jpg 624w\" sizes=\"(max-width: 224px) 100vw, 224px\" \/><\/a><\/p>\n<p>&nbsp;<\/p>\n<p>&nbsp;<\/p>\n<p>&nbsp;<\/p>\n<p>&nbsp;<\/p>\n<p>&nbsp;<\/p>\n<p>&nbsp;<\/p>\n<p>&nbsp;<\/p>\n<h3>Konzert &#8211; Presentation of the Luthier P. Bernab\u00e9<\/h3>\n<h5>Musikhaus Jecklin, Z\u00fcrich\/CH<\/h5>\n<h4><img decoding=\"async\" loading=\"lazy\" class=\"alignleft size-medium wp-image-36\" src=\"http:\/\/www.michael-thele.de\/wp-content\/uploads\/2014\/06\/Homepagejecklin02-300x277.jpg\" alt=\"Homepagejecklin02\" width=\"300\" height=\"277\" srcset=\"https:\/\/www.michael-thele.de\/wp-content\/uploads\/2014\/06\/Homepagejecklin02-300x277.jpg 300w, https:\/\/www.michael-thele.de\/wp-content\/uploads\/2014\/06\/Homepagejecklin02-1024x945.jpg 1024w, https:\/\/www.michael-thele.de\/wp-content\/uploads\/2014\/06\/Homepagejecklin02-624x576.jpg 624w\" sizes=\"(max-width: 300px) 100vw, 300px\" \/><\/h4>\n<p>&nbsp;<\/p>\n<h2><\/h2>\n<p>&nbsp;<\/p>\n<h2><a href=\"http:\/\/www.michael-thele.de\/wp-content\/uploads\/2014\/06\/LC5.png\"><img decoding=\"async\" loading=\"lazy\" class=\"alignleft size-medium wp-image-43\" src=\"http:\/\/www.michael-thele.de\/wp-content\/uploads\/2014\/06\/LC5-300x199.png\" alt=\"LC5\" width=\"300\" height=\"199\" srcset=\"https:\/\/www.michael-thele.de\/wp-content\/uploads\/2014\/06\/LC5-300x199.png 300w, https:\/\/www.michael-thele.de\/wp-content\/uploads\/2014\/06\/LC5-1024x680.png 1024w, https:\/\/www.michael-thele.de\/wp-content\/uploads\/2014\/06\/LC5-624x414.png 624w, https:\/\/www.michael-thele.de\/wp-content\/uploads\/2014\/06\/LC5.png 1280w\" sizes=\"(max-width: 300px) 100vw, 300px\" \/><\/a><\/h2>\n<p>&nbsp;<\/p>\n<h3>Concert &#8211; Presentation of the Spanish Guitar Foundation<\/h3>\n<h4>Meilen, Z\u00fcrich\/CH<\/h4>\n<h5>mit Ch. K\u00f6hler<\/h5>\n<p>&nbsp;<\/p>","protected":false},"excerpt":{"rendered":"<p>with Paulino Bernab\u00e9 in his workshop, Madrid &nbsp; &nbsp; &nbsp; &nbsp; Musik trade fair Frankfurt with P. Bernab\u00e9, H. K\u00e4ppel, Ch. K\u00f6hler &nbsp; &nbsp; &nbsp; &nbsp; &nbsp; &nbsp; &nbsp; &nbsp; Konzert &#8211; Presentation of the Luthier P. Bernab\u00e9 Musikhaus Jecklin, Z\u00fcrich\/CH &nbsp; &nbsp; &nbsp; Concert &#8211; Presentation of the Spanish Guitar Foundation Meilen, Z\u00fcrich\/CH mit [&hellip;]<\/p>\n","protected":false},"author":1,"featured_media":0,"parent":0,"menu_order":6,"comment_status":"closed","ping_status":"closed","template":"","meta":[],"_links":{"self":[{"href":"https:\/\/www.michael-thele.de\/en\/wp-json\/wp\/v2\/pages\/13"}],"collection":[{"href":"https:\/\/www.michael-thele.de\/en\/wp-json\/wp\/v2\/pages"}],"about":[{"href":"https:\/\/www.michael-thele.de\/en\/wp-json\/wp\/v2\/types\/page"}],"author":[{"embeddable":true,"href":"https:\/\/www.michael-thele.de\/en\/wp-json\/wp\/v2\/users\/1"}],"replies":[{"embeddable":true,"href":"https:\/\/www.michael-thele.de\/en\/wp-json\/wp\/v2\/comments?post=13"}],"version-history":[{"count":16,"href":"https:\/\/www.michael-thele.de\/en\/wp-json\/wp\/v2\/pages\/13\/revisions"}],"predecessor-version":[{"id":243,"href":"https:\/\/www.michael-thele.de\/en\/wp-json\/wp\/v2\/pages\/13\/revisions\/243"}],"wp:attachment":[{"href":"https:\/\/www.michael-thele.de\/en\/wp-json\/wp\/v2\/media?parent=13"}],"curies":[{"name":"wp","href":"https:\/\/api.w.org\/{rel}","templated":true}]}}